{"id":7,"date":"2016-01-13T12:04:35","date_gmt":"2016-01-13T12:04:35","guid":{"rendered":"https:\/\/premio.noviasalcedo.es\/?page_id=7"},"modified":"2018-06-14T11:37:24","modified_gmt":"2018-06-14T10:37:24","slug":"jurado","status":"publish","type":"page","link":"https:\/\/premio.noviasalcedo.es\/en\/jurado\/","title":{"rendered":"Jury"},"content":{"rendered":"<h2>Members of the Jury Edition VIII<\/h2>\n<table style=\"height: 738px; border-color: #ffffff;\" border=\"0\" width=\"726\" cellspacing=\"2\" cellpadding=\"0\">\n<tbody>\n<tr style=\"height: 149px;\">\n<td style=\"border-color: #ebebeb; width: 224px; text-align: center; vertical-align: top; height: 149px;\"><span class=\"editor_negrita\"><img data-recalc-dims=\"1\" loading=\"lazy\" decoding=\"async\" data-attachment-id=\"210\" data-permalink=\"https:\/\/premio.noviasalcedo.es\/en\/jurado\/antoniogarrigues\/\" data-orig-file=\"https:\/\/i0.wp.com\/premio.noviasalcedo.es\/wp-content\/uploads\/2016\/01\/antoniogarrigues.png?fit=500%2C500&amp;ssl=1\" data-orig-size=\"500,500\" data-comments-opened=\"1\" data-image-meta=\"{&quot;aperture&quot;:&quot;0&quot;,&quot;credit&quot;:&quot;&quot;,&quot;camera&quot;:&quot;&quot;,&quot;caption&quot;:&quot;&quot;,&quot;created_timestamp&quot;:&quot;0&quot;,&quot;copyright&quot;:&quot;&quot;,&quot;focal_length&quot;:&quot;0&quot;,&quot;iso&quot;:&quot;0&quot;,&quot;shutter_speed&quot;:&quot;0&quot;,&quot;title&quot;:&quot;&quot;,&quot;orientation&quot;:&quot;0&quot;}\" data-image-title=\"antoniogarrigues\" data-image-description=\"\" data-image-caption=\"\" data-large-file=\"https:\/\/i0.wp.com\/premio.noviasalcedo.es\/wp-content\/uploads\/2016\/01\/antoniogarrigues.png?fit=500%2C500&amp;ssl=1\" class=\"alignnone wp-image-210\" src=\"https:\/\/i0.wp.com\/premio.noviasalcedo.es\/wp-content\/uploads\/2016\/01\/antoniogarrigues.png?resize=100%2C100&#038;ssl=1\" alt=\"antoniogarrigues\" width=\"100\" height=\"100\" srcset=\"https:\/\/i0.wp.com\/premio.noviasalcedo.es\/wp-content\/uploads\/2016\/01\/antoniogarrigues.png?resize=300%2C300&amp;ssl=1 300w, https:\/\/i0.wp.com\/premio.noviasalcedo.es\/wp-content\/uploads\/2016\/01\/antoniogarrigues.png?resize=150%2C150&amp;ssl=1 150w, https:\/\/i0.wp.com\/premio.noviasalcedo.es\/wp-content\/uploads\/2016\/01\/antoniogarrigues.png?w=500&amp;ssl=1 500w\" sizes=\"auto, (max-width: 100px) 100vw, 100px\" \/><br \/>\n<a title=\"cv\" href=\"http:\/\/www.noviasalcedo.es\/upload\/publica\/CV%20ESPA\u00d1OL.pdf\" target=\"_blank\" rel=\"noopener\" rev=\"panel3-0\">Antonio Garrigues<\/a><\/span><br \/>\nPresidente del jurado<\/td>\n<td style=\"border-color: #ebebeb; width: 225px; vertical-align: top; height: 149px; text-align: center;\"><span class=\"editor_negrita\"><img data-recalc-dims=\"1\" loading=\"lazy\" decoding=\"async\" data-attachment-id=\"208\" data-permalink=\"https:\/\/premio.noviasalcedo.es\/en\/jurado\/luislezama\/\" data-orig-file=\"https:\/\/i0.wp.com\/premio.noviasalcedo.es\/wp-content\/uploads\/2016\/01\/luislezama.png?fit=137%2C137&amp;ssl=1\" data-orig-size=\"137,137\" data-comments-opened=\"1\" data-image-meta=\"{&quot;aperture&quot;:&quot;0&quot;,&quot;credit&quot;:&quot;&quot;,&quot;camera&quot;:&quot;&quot;,&quot;caption&quot;:&quot;&quot;,&quot;created_timestamp&quot;:&quot;0&quot;,&quot;copyright&quot;:&quot;&quot;,&quot;focal_length&quot;:&quot;0&quot;,&quot;iso&quot;:&quot;0&quot;,&quot;shutter_speed&quot;:&quot;0&quot;,&quot;title&quot;:&quot;&quot;,&quot;orientation&quot;:&quot;0&quot;}\" data-image-title=\"luislezama\" data-image-description=\"\" data-image-caption=\"\" data-large-file=\"https:\/\/i0.wp.com\/premio.noviasalcedo.es\/wp-content\/uploads\/2016\/01\/luislezama.png?fit=137%2C137&amp;ssl=1\" class=\"alignnone wp-image-208 aligncenter\" src=\"https:\/\/i0.wp.com\/premio.noviasalcedo.es\/wp-content\/uploads\/2016\/01\/luislezama.png?resize=100%2C100&#038;ssl=1\" alt=\"luislezama\" width=\"100\" height=\"100\" \/><a title=\"curriculum\" href=\"https:\/\/premio.noviasalcedo.es\/wp-content\/uploads\/2018\/06\/CV-Luis-Lezama.doc\" target=\"_blank\" rel=\"noopener\" rev=\"panel3-0\">Luis Lezama<\/a><\/span><br \/>\nFundador de Grupo Lezama<\/td>\n<td style=\"border-color: #ebebeb; width: 225px; vertical-align: top; height: 149px; text-align: center;\"><a href=\"https:\/\/i0.wp.com\/premio.noviasalcedo.es\/wp-content\/uploads\/2016\/01\/carmen-garcia-de-andres.png?ssl=1\" rel=\"attachment wp-att-203\"><img data-recalc-dims=\"1\" loading=\"lazy\" decoding=\"async\" data-attachment-id=\"203\" data-permalink=\"https:\/\/premio.noviasalcedo.es\/en\/jurado\/carmen-garcia-de-andres\/\" data-orig-file=\"https:\/\/i0.wp.com\/premio.noviasalcedo.es\/wp-content\/uploads\/2016\/01\/carmen-garcia-de-andres.png?fit=615%2C615&amp;ssl=1\" data-orig-size=\"615,615\" data-comments-opened=\"1\" data-image-meta=\"{&quot;aperture&quot;:&quot;0&quot;,&quot;credit&quot;:&quot;&quot;,&quot;camera&quot;:&quot;&quot;,&quot;caption&quot;:&quot;&quot;,&quot;created_timestamp&quot;:&quot;0&quot;,&quot;copyright&quot;:&quot;&quot;,&quot;focal_length&quot;:&quot;0&quot;,&quot;iso&quot;:&quot;0&quot;,&quot;shutter_speed&quot;:&quot;0&quot;,&quot;title&quot;:&quot;&quot;,&quot;orientation&quot;:&quot;0&quot;}\" data-image-title=\"carmen garcia de andres\" data-image-description=\"\" data-image-caption=\"\" data-large-file=\"https:\/\/i0.wp.com\/premio.noviasalcedo.es\/wp-content\/uploads\/2016\/01\/carmen-garcia-de-andres.png?fit=615%2C615&amp;ssl=1\" class=\"alignnone wp-image-203\" src=\"https:\/\/i0.wp.com\/premio.noviasalcedo.es\/wp-content\/uploads\/2016\/01\/carmen-garcia-de-andres.png?resize=100%2C100&#038;ssl=1\" alt=\"carmen garcia de andres\" width=\"100\" height=\"100\" srcset=\"https:\/\/i0.wp.com\/premio.noviasalcedo.es\/wp-content\/uploads\/2016\/01\/carmen-garcia-de-andres.png?resize=300%2C300&amp;ssl=1 300w, https:\/\/i0.wp.com\/premio.noviasalcedo.es\/wp-content\/uploads\/2016\/01\/carmen-garcia-de-andres.png?resize=150%2C150&amp;ssl=1 150w, https:\/\/i0.wp.com\/premio.noviasalcedo.es\/wp-content\/uploads\/2016\/01\/carmen-garcia-de-andres.png?w=615&amp;ssl=1 615w\" sizes=\"auto, (max-width: 100px) 100vw, 100px\" \/><br \/>\n<\/a><a href=\"https:\/\/premio.noviasalcedo.es\/wp-content\/uploads\/2018\/06\/cv-Presidenta-Ejecutiva-Fundaci\u00f3n-Tomillo.docx\">Carmen Garc\u00eda de Andr\u00e9s<\/a><br \/>\nPresidenta Ejecutiva Fundaci\u00f3n Tomillo<\/td>\n<\/tr>\n<tr style=\"height: 149px;\">\n<td style=\"border-color: #ebebeb; width: 224px; text-align: center; vertical-align: top; height: 149px;\"><img data-recalc-dims=\"1\" loading=\"lazy\" decoding=\"async\" data-attachment-id=\"214\" data-permalink=\"https:\/\/premio.noviasalcedo.es\/en\/jurado\/alejandroetxebarria\/\" data-orig-file=\"https:\/\/i0.wp.com\/premio.noviasalcedo.es\/wp-content\/uploads\/2016\/01\/alejandroetxebarria.png?fit=254%2C254&amp;ssl=1\" data-orig-size=\"254,254\" data-comments-opened=\"1\" data-image-meta=\"{&quot;aperture&quot;:&quot;0&quot;,&quot;credit&quot;:&quot;&quot;,&quot;camera&quot;:&quot;&quot;,&quot;caption&quot;:&quot;&quot;,&quot;created_timestamp&quot;:&quot;0&quot;,&quot;copyright&quot;:&quot;&quot;,&quot;focal_length&quot;:&quot;0&quot;,&quot;iso&quot;:&quot;0&quot;,&quot;shutter_speed&quot;:&quot;0&quot;,&quot;title&quot;:&quot;&quot;,&quot;orientation&quot;:&quot;0&quot;}\" data-image-title=\"alejandroetxebarria\" data-image-description=\"\" data-image-caption=\"\" data-large-file=\"https:\/\/i0.wp.com\/premio.noviasalcedo.es\/wp-content\/uploads\/2016\/01\/alejandroetxebarria.png?fit=254%2C254&amp;ssl=1\" class=\"alignnone wp-image-214\" src=\"https:\/\/i0.wp.com\/premio.noviasalcedo.es\/wp-content\/uploads\/2016\/01\/alejandroetxebarria.png?resize=100%2C100&#038;ssl=1\" alt=\"alejandroetxebarria\" width=\"100\" height=\"100\" srcset=\"https:\/\/i0.wp.com\/premio.noviasalcedo.es\/wp-content\/uploads\/2016\/01\/alejandroetxebarria.png?w=254&amp;ssl=1 254w, https:\/\/i0.wp.com\/premio.noviasalcedo.es\/wp-content\/uploads\/2016\/01\/alejandroetxebarria.png?resize=150%2C150&amp;ssl=1 150w\" sizes=\"auto, (max-width: 100px) 100vw, 100px\" \/><br \/>\n<a title=\"curriculum\" href=\"http:\/\/www.noviasalcedo.es\/upload\/publica\/juradopremio\/curriculumsjurado\/alejandroechevarria.doc\" target=\"_blank\" rel=\"noopener\" rev=\"panel3-0\"><span class=\"editor_negrita\">Alejandro Echevarria<\/span><\/a><br \/>\nPresidente de Mediaset\/\u00a0Patrono NSF<\/td>\n<td style=\"border-color: #ebebeb; width: 225px; text-align: center; vertical-align: top; height: 149px;\"><img data-recalc-dims=\"1\" loading=\"lazy\" decoding=\"async\" data-attachment-id=\"654\" data-permalink=\"https:\/\/premio.noviasalcedo.es\/en\/jurado\/victoria-camps-premios-novia-salcedo-2\/\" data-orig-file=\"https:\/\/i0.wp.com\/premio.noviasalcedo.es\/wp-content\/uploads\/2018\/03\/victoria-camps-premios-novia-salcedo-2.png?fit=800%2C800&amp;ssl=1\" data-orig-size=\"800,800\" data-comments-opened=\"1\" data-image-meta=\"{&quot;aperture&quot;:&quot;0&quot;,&quot;credit&quot;:&quot;&quot;,&quot;camera&quot;:&quot;&quot;,&quot;caption&quot;:&quot;&quot;,&quot;created_timestamp&quot;:&quot;0&quot;,&quot;copyright&quot;:&quot;&quot;,&quot;focal_length&quot;:&quot;0&quot;,&quot;iso&quot;:&quot;0&quot;,&quot;shutter_speed&quot;:&quot;0&quot;,&quot;title&quot;:&quot;&quot;,&quot;orientation&quot;:&quot;0&quot;}\" data-image-title=\"victoria-camps-premios-novia-salcedo-2\" data-image-description=\"\" data-image-caption=\"\" data-large-file=\"https:\/\/i0.wp.com\/premio.noviasalcedo.es\/wp-content\/uploads\/2018\/03\/victoria-camps-premios-novia-salcedo-2.png?fit=731%2C731&amp;ssl=1\" class=\"wp-image-654 alignnone\" src=\"https:\/\/i0.wp.com\/premio.noviasalcedo.es\/wp-content\/uploads\/2018\/03\/victoria-camps-premios-novia-salcedo-2.png?resize=100%2C100&#038;ssl=1\" alt=\"\" width=\"100\" height=\"100\" srcset=\"https:\/\/i0.wp.com\/premio.noviasalcedo.es\/wp-content\/uploads\/2018\/03\/victoria-camps-premios-novia-salcedo-2.png?resize=300%2C300&amp;ssl=1 300w, https:\/\/i0.wp.com\/premio.noviasalcedo.es\/wp-content\/uploads\/2018\/03\/victoria-camps-premios-novia-salcedo-2.png?resize=150%2C150&amp;ssl=1 150w, https:\/\/i0.wp.com\/premio.noviasalcedo.es\/wp-content\/uploads\/2018\/03\/victoria-camps-premios-novia-salcedo-2.png?resize=768%2C768&amp;ssl=1 768w, https:\/\/i0.wp.com\/premio.noviasalcedo.es\/wp-content\/uploads\/2018\/03\/victoria-camps-premios-novia-salcedo-2.png?resize=350%2C350&amp;ssl=1 350w, https:\/\/i0.wp.com\/premio.noviasalcedo.es\/wp-content\/uploads\/2018\/03\/victoria-camps-premios-novia-salcedo-2.png?w=800&amp;ssl=1 800w\" sizes=\"auto, (max-width: 100px) 100vw, 100px\" \/><br \/>\n<a href=\"http:\/\/www.victoriacamps.es\/\">Victoria Camps<\/a><br \/>\nCatedr\u00e1tica Em\u00e9rita Universidad Aut\u00f3noma de Barcelona<\/td>\n<td style=\"border-color: #ebebeb; width: 225px; text-align: center; vertical-align: top; height: 149px;\"><a href=\"https:\/\/i0.wp.com\/premio.noviasalcedo.es\/wp-content\/uploads\/2016\/01\/isabelgarro.png?ssl=1\" rel=\"attachment wp-att-206\"><img data-recalc-dims=\"1\" loading=\"lazy\" decoding=\"async\" data-attachment-id=\"206\" data-permalink=\"https:\/\/premio.noviasalcedo.es\/en\/jurado\/isabelgarro\/\" data-orig-file=\"https:\/\/i0.wp.com\/premio.noviasalcedo.es\/wp-content\/uploads\/2016\/01\/isabelgarro.png?fit=500%2C500&amp;ssl=1\" data-orig-size=\"500,500\" data-comments-opened=\"1\" data-image-meta=\"{&quot;aperture&quot;:&quot;0&quot;,&quot;credit&quot;:&quot;&quot;,&quot;camera&quot;:&quot;&quot;,&quot;caption&quot;:&quot;&quot;,&quot;created_timestamp&quot;:&quot;0&quot;,&quot;copyright&quot;:&quot;&quot;,&quot;focal_length&quot;:&quot;0&quot;,&quot;iso&quot;:&quot;0&quot;,&quot;shutter_speed&quot;:&quot;0&quot;,&quot;title&quot;:&quot;&quot;,&quot;orientation&quot;:&quot;0&quot;}\" data-image-title=\"isabelgarro\" data-image-description=\"\" data-image-caption=\"\" data-large-file=\"https:\/\/i0.wp.com\/premio.noviasalcedo.es\/wp-content\/uploads\/2016\/01\/isabelgarro.png?fit=500%2C500&amp;ssl=1\" class=\"alignnone wp-image-206\" src=\"https:\/\/i0.wp.com\/premio.noviasalcedo.es\/wp-content\/uploads\/2016\/01\/isabelgarro.png?resize=100%2C100&#038;ssl=1\" alt=\"isabelgarro\" width=\"100\" height=\"100\" srcset=\"https:\/\/i0.wp.com\/premio.noviasalcedo.es\/wp-content\/uploads\/2016\/01\/isabelgarro.png?resize=300%2C300&amp;ssl=1 300w, https:\/\/i0.wp.com\/premio.noviasalcedo.es\/wp-content\/uploads\/2016\/01\/isabelgarro.png?resize=150%2C150&amp;ssl=1 150w, https:\/\/i0.wp.com\/premio.noviasalcedo.es\/wp-content\/uploads\/2016\/01\/isabelgarro.png?w=500&amp;ssl=1 500w\" sizes=\"auto, (max-width: 100px) 100vw, 100px\" \/><br \/>\n<\/a><a href=\"https:\/\/premio.noviasalcedo.es\/wp-content\/uploads\/2018\/06\/CV-IG-2016.pdf\">Isabel Garro<\/a><br \/>\nDirectora de Red Pacto Mundial Espa\u00f1a<\/td>\n<\/tr>\n<tr style=\"height: 171px;\">\n<td style=\"border-color: #ebebeb; width: 224px; text-align: center; vertical-align: top; height: 171px;\"><img data-recalc-dims=\"1\" loading=\"lazy\" decoding=\"async\" data-attachment-id=\"595\" data-permalink=\"https:\/\/premio.noviasalcedo.es\/en\/jurado\/martapedrajas\/\" data-orig-file=\"https:\/\/i0.wp.com\/premio.noviasalcedo.es\/wp-content\/uploads\/2018\/03\/martapedrajas.png?fit=427%2C427&amp;ssl=1\" data-orig-size=\"427,427\" data-comments-opened=\"1\" data-image-meta=\"{&quot;aperture&quot;:&quot;0&quot;,&quot;credit&quot;:&quot;&quot;,&quot;camera&quot;:&quot;&quot;,&quot;caption&quot;:&quot;&quot;,&quot;created_timestamp&quot;:&quot;0&quot;,&quot;copyright&quot;:&quot;&quot;,&quot;focal_length&quot;:&quot;0&quot;,&quot;iso&quot;:&quot;0&quot;,&quot;shutter_speed&quot;:&quot;0&quot;,&quot;title&quot;:&quot;&quot;,&quot;orientation&quot;:&quot;0&quot;}\" data-image-title=\"martapedrajas\" data-image-description=\"\" data-image-caption=\"\" data-large-file=\"https:\/\/i0.wp.com\/premio.noviasalcedo.es\/wp-content\/uploads\/2018\/03\/martapedrajas.png?fit=427%2C427&amp;ssl=1\" class=\"alignnone size-medium wp-image-595\" src=\"https:\/\/i0.wp.com\/premio.noviasalcedo.es\/wp-content\/uploads\/2018\/03\/martapedrajas.png?resize=100%2C100&#038;ssl=1\" alt=\"\" width=\"100\" height=\"100\" srcset=\"https:\/\/i0.wp.com\/premio.noviasalcedo.es\/wp-content\/uploads\/2018\/03\/martapedrajas.png?resize=300%2C300&amp;ssl=1 300w, https:\/\/i0.wp.com\/premio.noviasalcedo.es\/wp-content\/uploads\/2018\/03\/martapedrajas.png?resize=150%2C150&amp;ssl=1 150w, https:\/\/i0.wp.com\/premio.noviasalcedo.es\/wp-content\/uploads\/2018\/03\/martapedrajas.png?resize=350%2C350&amp;ssl=1 350w, https:\/\/i0.wp.com\/premio.noviasalcedo.es\/wp-content\/uploads\/2018\/03\/martapedrajas.png?w=427&amp;ssl=1 427w\" sizes=\"auto, (max-width: 100px) 100vw, 100px\" \/><br \/>\n<a href=\"https:\/\/www.linkedin.com\/in\/marta-pedrajas-84a82945\/\">Marta Pedrajas<\/a><br \/>\nAsesora de pol\u00edticas de Desarrollo Sostenible en PNUD<\/td>\n<td style=\"border-color: #ebebeb; width: 225px; text-align: center; vertical-align: top; height: 171px;\"><img data-recalc-dims=\"1\" loading=\"lazy\" decoding=\"async\" data-attachment-id=\"207\" data-permalink=\"https:\/\/premio.noviasalcedo.es\/en\/jurado\/pedromigueletxenique\/\" data-orig-file=\"https:\/\/i0.wp.com\/premio.noviasalcedo.es\/wp-content\/uploads\/2016\/01\/pedromigueletxenique.png?fit=321%2C320&amp;ssl=1\" data-orig-size=\"321,320\" data-comments-opened=\"1\" data-image-meta=\"{&quot;aperture&quot;:&quot;0&quot;,&quot;credit&quot;:&quot;&quot;,&quot;camera&quot;:&quot;&quot;,&quot;caption&quot;:&quot;&quot;,&quot;created_timestamp&quot;:&quot;0&quot;,&quot;copyright&quot;:&quot;&quot;,&quot;focal_length&quot;:&quot;0&quot;,&quot;iso&quot;:&quot;0&quot;,&quot;shutter_speed&quot;:&quot;0&quot;,&quot;title&quot;:&quot;&quot;,&quot;orientation&quot;:&quot;0&quot;}\" data-image-title=\"pedromigueletxenique\" data-image-description=\"\" data-image-caption=\"\" data-large-file=\"https:\/\/i0.wp.com\/premio.noviasalcedo.es\/wp-content\/uploads\/2016\/01\/pedromigueletxenique.png?fit=321%2C320&amp;ssl=1\" class=\"alignnone wp-image-207\" src=\"https:\/\/i0.wp.com\/premio.noviasalcedo.es\/wp-content\/uploads\/2016\/01\/pedromigueletxenique.png?resize=100%2C100&#038;ssl=1\" alt=\"pedromigueletxenique\" width=\"100\" height=\"100\" srcset=\"https:\/\/i0.wp.com\/premio.noviasalcedo.es\/wp-content\/uploads\/2016\/01\/pedromigueletxenique.png?resize=300%2C300&amp;ssl=1 300w, https:\/\/i0.wp.com\/premio.noviasalcedo.es\/wp-content\/uploads\/2016\/01\/pedromigueletxenique.png?resize=150%2C150&amp;ssl=1 150w, https:\/\/i0.wp.com\/premio.noviasalcedo.es\/wp-content\/uploads\/2016\/01\/pedromigueletxenique.png?w=321&amp;ssl=1 321w\" sizes=\"auto, (max-width: 100px) 100vw, 100px\" \/><br \/>\n<span class=\"editor_negrita\"><a title=\"echenique\" href=\"https:\/\/premio.noviasalcedo.es\/wp-content\/uploads\/2018\/06\/C.V.resumido-Pedro-Miguel-Echenique.pdf\" target=\"_blank\" rel=\"noopener\" rev=\"panel3-0\">Pedro Miguel Echenique<\/a><br \/>\n<\/span>Presidente Fundaci\u00f3n Donostia<\/td>\n<td style=\"border-color: #ebebeb; width: 225px; text-align: center; vertical-align: top; height: 171px;\"><img data-recalc-dims=\"1\" loading=\"lazy\" decoding=\"async\" data-attachment-id=\"218\" data-permalink=\"https:\/\/premio.noviasalcedo.es\/en\/jurado\/nekaneballuerka\/\" data-orig-file=\"https:\/\/i0.wp.com\/premio.noviasalcedo.es\/wp-content\/uploads\/2016\/01\/nekaneballuerka.png?fit=157%2C157&amp;ssl=1\" data-orig-size=\"157,157\" data-comments-opened=\"1\" data-image-meta=\"{&quot;aperture&quot;:&quot;0&quot;,&quot;credit&quot;:&quot;&quot;,&quot;camera&quot;:&quot;&quot;,&quot;caption&quot;:&quot;&quot;,&quot;created_timestamp&quot;:&quot;0&quot;,&quot;copyright&quot;:&quot;&quot;,&quot;focal_length&quot;:&quot;0&quot;,&quot;iso&quot;:&quot;0&quot;,&quot;shutter_speed&quot;:&quot;0&quot;,&quot;title&quot;:&quot;&quot;,&quot;orientation&quot;:&quot;0&quot;}\" data-image-title=\"nekaneballuerka\" data-image-description=\"\" data-image-caption=\"\" data-large-file=\"https:\/\/i0.wp.com\/premio.noviasalcedo.es\/wp-content\/uploads\/2016\/01\/nekaneballuerka.png?fit=157%2C157&amp;ssl=1\" class=\"alignnone wp-image-218\" src=\"https:\/\/i0.wp.com\/premio.noviasalcedo.es\/wp-content\/uploads\/2016\/01\/nekaneballuerka.png?resize=100%2C100&#038;ssl=1\" alt=\"nekaneballuerka\" width=\"100\" height=\"100\" srcset=\"https:\/\/i0.wp.com\/premio.noviasalcedo.es\/wp-content\/uploads\/2016\/01\/nekaneballuerka.png?w=157&amp;ssl=1 157w, https:\/\/i0.wp.com\/premio.noviasalcedo.es\/wp-content\/uploads\/2016\/01\/nekaneballuerka.png?resize=150%2C150&amp;ssl=1 150w\" sizes=\"auto, (max-width: 100px) 100vw, 100px\" \/><br \/>\n<a href=\"https:\/\/premio.noviasalcedo.es\/wp-content\/uploads\/2016\/01\/CV_Balluerka.docx\">Nekane Balluerka<\/a><br \/>\nRectora de la Universidad del Pa\u00eds Vasco \/EHU<\/td>\n<\/tr>\n<tr style=\"height: 123px;\">\n<td style=\"border-color: #ebebeb; width: 224px; text-align: center; vertical-align: top; height: 123px;\"><span style=\"text-indent: 0em; font-family: inherit; font-size: inherit; color: #666666;\"><a href=\"https:\/\/i0.wp.com\/premio.noviasalcedo.es\/wp-content\/uploads\/2018\/05\/Reach-The-Top-1.png?ssl=1\"><img data-recalc-dims=\"1\" loading=\"lazy\" decoding=\"async\" data-attachment-id=\"779\" data-permalink=\"https:\/\/premio.noviasalcedo.es\/en\/jurado\/reach-the-top-1\/\" data-orig-file=\"https:\/\/i0.wp.com\/premio.noviasalcedo.es\/wp-content\/uploads\/2018\/05\/Reach-The-Top-1.png?fit=800%2C800&amp;ssl=1\" data-orig-size=\"800,800\" data-comments-opened=\"1\" data-image-meta=\"{&quot;aperture&quot;:&quot;0&quot;,&quot;credit&quot;:&quot;&quot;,&quot;camera&quot;:&quot;&quot;,&quot;caption&quot;:&quot;&quot;,&quot;created_timestamp&quot;:&quot;0&quot;,&quot;copyright&quot;:&quot;&quot;,&quot;focal_length&quot;:&quot;0&quot;,&quot;iso&quot;:&quot;0&quot;,&quot;shutter_speed&quot;:&quot;0&quot;,&quot;title&quot;:&quot;&quot;,&quot;orientation&quot;:&quot;0&quot;}\" data-image-title=\"Reach The Top! (1)\" data-image-description=\"\" data-image-caption=\"\" data-large-file=\"https:\/\/i0.wp.com\/premio.noviasalcedo.es\/wp-content\/uploads\/2018\/05\/Reach-The-Top-1.png?fit=731%2C731&amp;ssl=1\" class=\"wp-image-779 aligncenter\" src=\"https:\/\/i0.wp.com\/premio.noviasalcedo.es\/wp-content\/uploads\/2018\/05\/Reach-The-Top-1.png?resize=100%2C100&#038;ssl=1\" alt=\"\" width=\"100\" height=\"100\" srcset=\"https:\/\/i0.wp.com\/premio.noviasalcedo.es\/wp-content\/uploads\/2018\/05\/Reach-The-Top-1.png?resize=150%2C150&amp;ssl=1 150w, https:\/\/i0.wp.com\/premio.noviasalcedo.es\/wp-content\/uploads\/2018\/05\/Reach-The-Top-1.png?resize=300%2C300&amp;ssl=1 300w, https:\/\/i0.wp.com\/premio.noviasalcedo.es\/wp-content\/uploads\/2018\/05\/Reach-The-Top-1.png?resize=768%2C768&amp;ssl=1 768w, https:\/\/i0.wp.com\/premio.noviasalcedo.es\/wp-content\/uploads\/2018\/05\/Reach-The-Top-1.png?resize=350%2C350&amp;ssl=1 350w, https:\/\/i0.wp.com\/premio.noviasalcedo.es\/wp-content\/uploads\/2018\/05\/Reach-The-Top-1.png?w=800&amp;ssl=1 800w\" sizes=\"auto, (max-width: 100px) 100vw, 100px\" \/><\/a><a href=\"https:\/\/premio.noviasalcedo.es\/wp-content\/uploads\/2018\/06\/Bio-Espa\u00f1ol-Dic-2017.doc\">Jos\u00e9 Mar\u00eda Sanz-Magall\u00f3n<\/a><br \/>\nPresidente de Fundaci\u00f3n Telef\u00f3nica<br \/>\n<\/span><\/td>\n<td style=\"border-color: #ebebeb; width: 225px; text-align: center; vertical-align: top; height: 123px;\"><img data-recalc-dims=\"1\" loading=\"lazy\" decoding=\"async\" data-attachment-id=\"647\" data-permalink=\"https:\/\/premio.noviasalcedo.es\/en\/jurado\/reach-the-top\/\" data-orig-file=\"https:\/\/i0.wp.com\/premio.noviasalcedo.es\/wp-content\/uploads\/2018\/03\/Reach-The-Top-e1521799604215.jpg?fit=427%2C427&amp;ssl=1\" data-orig-size=\"427,427\" data-comments-opened=\"1\" data-image-meta=\"{&quot;aperture&quot;:&quot;0&quot;,&quot;credit&quot;:&quot;&quot;,&quot;camera&quot;:&quot;&quot;,&quot;caption&quot;:&quot;&quot;,&quot;created_timestamp&quot;:&quot;0&quot;,&quot;copyright&quot;:&quot;&quot;,&quot;focal_length&quot;:&quot;0&quot;,&quot;iso&quot;:&quot;0&quot;,&quot;shutter_speed&quot;:&quot;0&quot;,&quot;title&quot;:&quot;&quot;,&quot;orientation&quot;:&quot;0&quot;}\" data-image-title=\"maite-iturbe-jurado-premio-novia-salcedo\" data-image-description=\"&lt;p&gt;maite-iturbe-jurado-premio-novia-salcedo&lt;\/p&gt;\n\" data-image-caption=\"\" data-large-file=\"https:\/\/i0.wp.com\/premio.noviasalcedo.es\/wp-content\/uploads\/2018\/03\/Reach-The-Top-e1521799604215.jpg?fit=427%2C427&amp;ssl=1\" class=\"wp-image-647 aligncenter\" src=\"https:\/\/i0.wp.com\/premio.noviasalcedo.es\/wp-content\/uploads\/2018\/03\/Reach-The-Top.jpg?resize=100%2C100&#038;ssl=1\" alt=\"maite-iturbe-jurado-premio-novia-salcedo\" width=\"100\" height=\"100\" \/><a href=\"https:\/\/premio.noviasalcedo.es\/wp-content\/uploads\/2018\/03\/Curriculum-MAITE-ITURBE-MENDIALDUA.docx\">Maite Iturbe<\/a><br \/>\nDirectora General EITB<\/td>\n<td style=\"border-color: #ebebeb; width: 225px; text-align: center; vertical-align: top; height: 123px;\">\u00a0<img data-recalc-dims=\"1\" loading=\"lazy\" decoding=\"async\" data-attachment-id=\"653\" data-permalink=\"https:\/\/premio.noviasalcedo.es\/en\/jurado\/francisco-beli-permio-novia-sacledo\/\" data-orig-file=\"https:\/\/i0.wp.com\/premio.noviasalcedo.es\/wp-content\/uploads\/2018\/03\/francisco-beli-permio-novia-sacledo.png?fit=800%2C800&amp;ssl=1\" data-orig-size=\"800,800\" data-comments-opened=\"1\" data-image-meta=\"{&quot;aperture&quot;:&quot;0&quot;,&quot;credit&quot;:&quot;&quot;,&quot;camera&quot;:&quot;&quot;,&quot;caption&quot;:&quot;&quot;,&quot;created_timestamp&quot;:&quot;0&quot;,&quot;copyright&quot;:&quot;&quot;,&quot;focal_length&quot;:&quot;0&quot;,&quot;iso&quot;:&quot;0&quot;,&quot;shutter_speed&quot;:&quot;0&quot;,&quot;title&quot;:&quot;&quot;,&quot;orientation&quot;:&quot;0&quot;}\" data-image-title=\"francisco-beli-premio-novia-sacledo\" data-image-description=\"&lt;p&gt;francisco-beli-premio-novia-sacledo&lt;\/p&gt;\n\" data-image-caption=\"\" data-large-file=\"https:\/\/i0.wp.com\/premio.noviasalcedo.es\/wp-content\/uploads\/2018\/03\/francisco-beli-permio-novia-sacledo.png?fit=731%2C731&amp;ssl=1\" class=\"alignnone wp-image-653\" src=\"https:\/\/i0.wp.com\/premio.noviasalcedo.es\/wp-content\/uploads\/2018\/03\/francisco-beli-permio-novia-sacledo.png?resize=100%2C100&#038;ssl=1\" alt=\"francisco-beli-premio-novia-sacledo\" width=\"100\" height=\"100\" srcset=\"https:\/\/i0.wp.com\/premio.noviasalcedo.es\/wp-content\/uploads\/2018\/03\/francisco-beli-permio-novia-sacledo.png?resize=300%2C300&amp;ssl=1 300w, https:\/\/i0.wp.com\/premio.noviasalcedo.es\/wp-content\/uploads\/2018\/03\/francisco-beli-permio-novia-sacledo.png?resize=150%2C150&amp;ssl=1 150w, https:\/\/i0.wp.com\/premio.noviasalcedo.es\/wp-content\/uploads\/2018\/03\/francisco-beli-permio-novia-sacledo.png?resize=768%2C768&amp;ssl=1 768w, https:\/\/i0.wp.com\/premio.noviasalcedo.es\/wp-content\/uploads\/2018\/03\/francisco-beli-permio-novia-sacledo.png?resize=350%2C350&amp;ssl=1 350w, https:\/\/i0.wp.com\/premio.noviasalcedo.es\/wp-content\/uploads\/2018\/03\/francisco-beli-permio-novia-sacledo.png?w=800&amp;ssl=1 800w\" sizes=\"auto, (max-width: 100px) 100vw, 100px\" \/><br \/>\n<a href=\"http:\/\/centenario.ahk.es\/web\/francisco-belil\">Francisco Belil<\/a><br \/>\nPresidente FPDG y Fundaci\u00f3n Bertelsmann<\/td>\n<\/tr>\n<tr style=\"height: 128.422px;\">\n<td style=\"border-color: #ebebeb; width: 224px; text-align: center; vertical-align: top; height: 128.422px;\"><span style=\"text-indent: 0em; font-family: inherit; font-size: inherit; color: #666666;\"><a style=\"color: #777777;\" href=\"https:\/\/i0.wp.com\/premio.noviasalcedo.es\/wp-content\/uploads\/2018\/05\/martin-burt-premios-novia-salcedo.png?ssl=1\"><img data-recalc-dims=\"1\" loading=\"lazy\" decoding=\"async\" data-attachment-id=\"785\" data-permalink=\"https:\/\/premio.noviasalcedo.es\/en\/jurado\/martin-burt-premios-novia-salcedo\/\" data-orig-file=\"https:\/\/i0.wp.com\/premio.noviasalcedo.es\/wp-content\/uploads\/2018\/05\/martin-burt-premios-novia-salcedo.png?fit=719%2C720&amp;ssl=1\" data-orig-size=\"719,720\" data-comments-opened=\"1\" data-image-meta=\"{&quot;aperture&quot;:&quot;0&quot;,&quot;credit&quot;:&quot;&quot;,&quot;camera&quot;:&quot;&quot;,&quot;caption&quot;:&quot;&quot;,&quot;created_timestamp&quot;:&quot;0&quot;,&quot;copyright&quot;:&quot;&quot;,&quot;focal_length&quot;:&quot;0&quot;,&quot;iso&quot;:&quot;0&quot;,&quot;shutter_speed&quot;:&quot;0&quot;,&quot;title&quot;:&quot;&quot;,&quot;orientation&quot;:&quot;0&quot;}\" data-image-title=\"martin-burt-premios-novia-salcedo\" data-image-description=\"&lt;p&gt;martin-burt-premios-novia-salcedo&lt;\/p&gt;\n\" data-image-caption=\"&lt;p&gt;martin-burt-premios-novia-salcedo&lt;\/p&gt;\n\" data-large-file=\"https:\/\/i0.wp.com\/premio.noviasalcedo.es\/wp-content\/uploads\/2018\/05\/martin-burt-premios-novia-salcedo.png?fit=719%2C720&amp;ssl=1\" class=\"wp-image-785\" src=\"https:\/\/i0.wp.com\/premio.noviasalcedo.es\/wp-content\/uploads\/2018\/05\/martin-burt-premios-novia-salcedo.png?resize=100%2C100&#038;ssl=1\" alt=\"martin-burt-premios-novia-salcedo\" width=\"100\" height=\"100\" srcset=\"https:\/\/i0.wp.com\/premio.noviasalcedo.es\/wp-content\/uploads\/2018\/05\/martin-burt-premios-novia-salcedo.png?resize=300%2C300&amp;ssl=1 300w, https:\/\/i0.wp.com\/premio.noviasalcedo.es\/wp-content\/uploads\/2018\/05\/martin-burt-premios-novia-salcedo.png?resize=150%2C150&amp;ssl=1 150w, https:\/\/i0.wp.com\/premio.noviasalcedo.es\/wp-content\/uploads\/2018\/05\/martin-burt-premios-novia-salcedo.png?resize=350%2C350&amp;ssl=1 350w, https:\/\/i0.wp.com\/premio.noviasalcedo.es\/wp-content\/uploads\/2018\/05\/martin-burt-premios-novia-salcedo.png?w=719&amp;ssl=1 719w\" sizes=\"auto, (max-width: 100px) 100vw, 100px\" \/><\/a><\/span><\/p>\n<p style=\"text-indent: 0px;\"><a href=\"https:\/\/www.linkedin.com\/in\/martinburt\/\">Mart\u00edn Burt<\/a><br \/>\nCEO Fundaci\u00f3n Paraguaya<\/p>\n<p><a href=\"https:\/\/i0.wp.com\/premio.noviasalcedo.es\/wp-content\/uploads\/2018\/06\/Reach-The-Top-2.png?ssl=1\"><img data-recalc-dims=\"1\" loading=\"lazy\" decoding=\"async\" data-attachment-id=\"851\" data-permalink=\"https:\/\/premio.noviasalcedo.es\/en\/jurado\/reach-the-top-2-2\/\" data-orig-file=\"https:\/\/i0.wp.com\/premio.noviasalcedo.es\/wp-content\/uploads\/2018\/06\/Reach-The-Top-2.png?fit=800%2C800&amp;ssl=1\" data-orig-size=\"800,800\" data-comments-opened=\"1\" data-image-meta=\"{&quot;aperture&quot;:&quot;0&quot;,&quot;credit&quot;:&quot;&quot;,&quot;camera&quot;:&quot;&quot;,&quot;caption&quot;:&quot;&quot;,&quot;created_timestamp&quot;:&quot;0&quot;,&quot;copyright&quot;:&quot;&quot;,&quot;focal_length&quot;:&quot;0&quot;,&quot;iso&quot;:&quot;0&quot;,&quot;shutter_speed&quot;:&quot;0&quot;,&quot;title&quot;:&quot;&quot;,&quot;orientation&quot;:&quot;0&quot;}\" data-image-title=\"Reach The Top! (2)\" data-image-description=\"\" data-image-caption=\"\" data-large-file=\"https:\/\/i0.wp.com\/premio.noviasalcedo.es\/wp-content\/uploads\/2018\/06\/Reach-The-Top-2.png?fit=731%2C731&amp;ssl=1\" class=\"alignnone wp-image-851\" src=\"https:\/\/i0.wp.com\/premio.noviasalcedo.es\/wp-content\/uploads\/2018\/06\/Reach-The-Top-2.png?resize=100%2C100&#038;ssl=1\" alt=\"\" width=\"100\" height=\"100\" srcset=\"https:\/\/i0.wp.com\/premio.noviasalcedo.es\/wp-content\/uploads\/2018\/06\/Reach-The-Top-2.png?resize=300%2C300&amp;ssl=1 300w, https:\/\/i0.wp.com\/premio.noviasalcedo.es\/wp-content\/uploads\/2018\/06\/Reach-The-Top-2.png?resize=150%2C150&amp;ssl=1 150w, https:\/\/i0.wp.com\/premio.noviasalcedo.es\/wp-content\/uploads\/2018\/06\/Reach-The-Top-2.png?resize=768%2C768&amp;ssl=1 768w, https:\/\/i0.wp.com\/premio.noviasalcedo.es\/wp-content\/uploads\/2018\/06\/Reach-The-Top-2.png?resize=350%2C350&amp;ssl=1 350w, https:\/\/i0.wp.com\/premio.noviasalcedo.es\/wp-content\/uploads\/2018\/06\/Reach-The-Top-2.png?w=800&amp;ssl=1 800w\" sizes=\"auto, (max-width: 100px) 100vw, 100px\" \/><\/a><\/p>\n<p><a href=\"https:\/\/premio.noviasalcedo.es\/wp-content\/uploads\/2018\/06\/Javier-Ormazabal-Echevarria.pdf\">Javier Ormazabal<\/a><\/p>\n<p>Presidente C\u00edrculo Empresarios Vascos<\/td>\n<td style=\"border-color: #ebebeb; width: 225px; text-align: center; vertical-align: top; height: 128.422px;\">\n<p style=\"text-indent: 0px;\"><a style=\"color: #777777;\" href=\"https:\/\/i0.wp.com\/premio.noviasalcedo.es\/wp-content\/uploads\/2018\/05\/alvaro-vidgain-premios-novia-salcedo.png?ssl=1\"><img data-recalc-dims=\"1\" loading=\"lazy\" decoding=\"async\" data-attachment-id=\"787\" data-permalink=\"https:\/\/premio.noviasalcedo.es\/en\/jurado\/alvaro-vidgain-premios-novia-salcedo\/\" data-orig-file=\"https:\/\/i0.wp.com\/premio.noviasalcedo.es\/wp-content\/uploads\/2018\/05\/alvaro-vidgain-premios-novia-salcedo.png?fit=800%2C800&amp;ssl=1\" data-orig-size=\"800,800\" data-comments-opened=\"1\" data-image-meta=\"{&quot;aperture&quot;:&quot;0&quot;,&quot;credit&quot;:&quot;&quot;,&quot;camera&quot;:&quot;&quot;,&quot;caption&quot;:&quot;&quot;,&quot;created_timestamp&quot;:&quot;0&quot;,&quot;copyright&quot;:&quot;&quot;,&quot;focal_length&quot;:&quot;0&quot;,&quot;iso&quot;:&quot;0&quot;,&quot;shutter_speed&quot;:&quot;0&quot;,&quot;title&quot;:&quot;&quot;,&quot;orientation&quot;:&quot;0&quot;}\" data-image-title=\"alvaro-videgain-premios-novia-salcedo\" data-image-description=\"&lt;p&gt;alvaro-videgain-premios-novia-salcedo&lt;\/p&gt;\n\" data-image-caption=\"&lt;p&gt;alvaro-videgain-premios-novia-salcedo&lt;\/p&gt;\n\" data-large-file=\"https:\/\/i0.wp.com\/premio.noviasalcedo.es\/wp-content\/uploads\/2018\/05\/alvaro-vidgain-premios-novia-salcedo.png?fit=731%2C731&amp;ssl=1\" class=\"wp-image-787\" src=\"https:\/\/i0.wp.com\/premio.noviasalcedo.es\/wp-content\/uploads\/2018\/05\/alvaro-vidgain-premios-novia-salcedo.png?resize=100%2C100&#038;ssl=1\" alt=\"alvaro-videgain-premios-novia-salcedo\" width=\"100\" height=\"100\" srcset=\"https:\/\/i0.wp.com\/premio.noviasalcedo.es\/wp-content\/uploads\/2018\/05\/alvaro-vidgain-premios-novia-salcedo.png?resize=300%2C300&amp;ssl=1 300w, https:\/\/i0.wp.com\/premio.noviasalcedo.es\/wp-content\/uploads\/2018\/05\/alvaro-vidgain-premios-novia-salcedo.png?resize=150%2C150&amp;ssl=1 150w, https:\/\/i0.wp.com\/premio.noviasalcedo.es\/wp-content\/uploads\/2018\/05\/alvaro-vidgain-premios-novia-salcedo.png?resize=768%2C768&amp;ssl=1 768w, https:\/\/i0.wp.com\/premio.noviasalcedo.es\/wp-content\/uploads\/2018\/05\/alvaro-vidgain-premios-novia-salcedo.png?resize=350%2C350&amp;ssl=1 350w, https:\/\/i0.wp.com\/premio.noviasalcedo.es\/wp-content\/uploads\/2018\/05\/alvaro-vidgain-premios-novia-salcedo.png?w=800&amp;ssl=1 800w\" sizes=\"auto, (max-width: 100px) 100vw, 100px\" \/><\/a><\/p>\n<p style=\"text-indent: 0px;\"><a href=\"https:\/\/premio.noviasalcedo.es\/wp-content\/uploads\/2018\/06\/CV-ALVARO-VIDEGAIN-MURO.pdf\">\u00c1lvaro Videgain<\/a><br \/>\nTubacex<\/p>\n<\/td>\n<td style=\"border-color: #ebebeb; width: 225px; text-align: center; vertical-align: top; height: 128.422px;\"><img data-recalc-dims=\"1\" loading=\"lazy\" decoding=\"async\" data-attachment-id=\"813\" data-permalink=\"https:\/\/premio.noviasalcedo.es\/en\/jurado\/reach-the-top-2\/\" data-orig-file=\"https:\/\/i0.wp.com\/premio.noviasalcedo.es\/wp-content\/uploads\/2018\/05\/Reach-The-Top-2.png?fit=800%2C800&amp;ssl=1\" data-orig-size=\"800,800\" data-comments-opened=\"1\" data-image-meta=\"{&quot;aperture&quot;:&quot;0&quot;,&quot;credit&quot;:&quot;&quot;,&quot;camera&quot;:&quot;&quot;,&quot;caption&quot;:&quot;&quot;,&quot;created_timestamp&quot;:&quot;0&quot;,&quot;copyright&quot;:&quot;&quot;,&quot;focal_length&quot;:&quot;0&quot;,&quot;iso&quot;:&quot;0&quot;,&quot;shutter_speed&quot;:&quot;0&quot;,&quot;title&quot;:&quot;&quot;,&quot;orientation&quot;:&quot;0&quot;}\" data-image-title=\"gabriel-saenz-premios-novia-salcedo\" data-image-description=\"&lt;p&gt;gabriel-saenz-premios-novia-salcedo&lt;\/p&gt;\n\" data-image-caption=\"\" data-large-file=\"https:\/\/i0.wp.com\/premio.noviasalcedo.es\/wp-content\/uploads\/2018\/05\/Reach-The-Top-2.png?fit=731%2C731&amp;ssl=1\" class=\"alignnone wp-image-813\" src=\"https:\/\/i0.wp.com\/premio.noviasalcedo.es\/wp-content\/uploads\/2018\/05\/Reach-The-Top-2.png?resize=100%2C100&#038;ssl=1\" alt=\"gabriel-saenz-premios-novia-salcedo\" width=\"100\" height=\"100\" srcset=\"https:\/\/i0.wp.com\/premio.noviasalcedo.es\/wp-content\/uploads\/2018\/05\/Reach-The-Top-2.png?resize=300%2C300&amp;ssl=1 300w, https:\/\/i0.wp.com\/premio.noviasalcedo.es\/wp-content\/uploads\/2018\/05\/Reach-The-Top-2.png?resize=150%2C150&amp;ssl=1 150w, https:\/\/i0.wp.com\/premio.noviasalcedo.es\/wp-content\/uploads\/2018\/05\/Reach-The-Top-2.png?resize=768%2C768&amp;ssl=1 768w, https:\/\/i0.wp.com\/premio.noviasalcedo.es\/wp-content\/uploads\/2018\/05\/Reach-The-Top-2.png?resize=350%2C350&amp;ssl=1 350w, https:\/\/i0.wp.com\/premio.noviasalcedo.es\/wp-content\/uploads\/2018\/05\/Reach-The-Top-2.png?w=800&amp;ssl=1 800w\" sizes=\"auto, (max-width: 100px) 100vw, 100px\" \/><\/p>\n<p><a href=\"https:\/\/premio.noviasalcedo.es\/wp-content\/uploads\/2018\/06\/Bio-Fundaci\u00f3n-Novia-Salcedo_May-18.docx\">Gabriel S\u00e1enz<\/a><br \/>\nCEO Wink<\/td>\n<\/tr>\n<\/tbody>\n<\/table>\n","protected":false},"excerpt":{"rendered":"<p>Members of the Jury Edition VIII Antonio Garrigues Presidente del jurado Luis Lezama Fundador de Grupo Lezama Carmen Garc\u00eda de Andr\u00e9s Presidenta Ejecutiva Fundaci\u00f3n Tomillo Alejandro Echevarria Presidente de Mediaset\/\u00a0Patrono NSF Victoria Camps Catedr\u00e1tica Em\u00e9rita Universidad Aut\u00f3noma de Barcelona Isabel Garro Directora de Red Pacto Mundial Espa\u00f1a Marta Pedrajas Asesora &hellip;<\/p>\n","protected":false},"author":1,"featured_media":0,"parent":0,"menu_order":0,"comment_status":"closed","ping_status":"closed","template":"","meta":{"jetpack_post_was_ever_published":false,"footnotes":""},"class_list":["post-7","page","type-page","status-publish","hentry"],"yoast_head":"<!-- This site is optimized with the Yoast SEO plugin v27.5 - https:\/\/yoast.com\/product\/yoast-seo-wordpress\/ -->\n<title>Jury - Novia Salcedo Awards<\/title>\n<meta name=\"robots\" content=\"index, follow, max-snippet:-1, max-image-preview:large, max-video-preview:-1\" \/>\n<link rel=\"canonical\" href=\"https:\/\/premio.noviasalcedo.es\/jurado\/\" \/>\n<meta property=\"og:locale\" content=\"en_US\" \/>\n<meta property=\"og:type\" content=\"article\" \/>\n<meta property=\"og:title\" content=\"Jury - Novia Salcedo Awards\" \/>\n<meta property=\"og:description\" content=\"Members of the Jury Edition VIII Antonio Garrigues Presidente del jurado Luis Lezama Fundador de Grupo Lezama Carmen Garc\u00eda de Andr\u00e9s Presidenta Ejecutiva Fundaci\u00f3n Tomillo Alejandro Echevarria Presidente de Mediaset\/\u00a0Patrono NSF Victoria Camps Catedr\u00e1tica Em\u00e9rita Universidad Aut\u00f3noma de Barcelona Isabel Garro Directora de Red Pacto Mundial Espa\u00f1a Marta Pedrajas Asesora &hellip;\" \/>\n<meta property=\"og:url\" content=\"https:\/\/premio.noviasalcedo.es\/jurado\/\" \/>\n<meta property=\"og:site_name\" content=\"Novia Salcedo Awards\" \/>\n<meta property=\"article:modified_time\" content=\"2018-06-14T10:37:24+00:00\" \/>\n<meta property=\"og:image\" content=\"https:\/\/premio.noviasalcedo.es\/wp-content\/uploads\/2016\/01\/antoniogarrigues-300x300.png\" \/>\n<meta name=\"twitter:card\" content=\"summary_large_image\" \/>\n<meta name=\"twitter:label1\" content=\"Est. reading time\" \/>\n\t<meta name=\"twitter:data1\" content=\"1 minute\" \/>\n<script type=\"application\/ld+json\" class=\"yoast-schema-graph\">{\"@context\":\"https:\\\/\\\/schema.org\",\"@graph\":[{\"@type\":\"WebPage\",\"@id\":\"https:\\\/\\\/premio.noviasalcedo.es\\\/jurado\\\/\",\"url\":\"https:\\\/\\\/premio.noviasalcedo.es\\\/jurado\\\/\",\"name\":\"Jury - Novia Salcedo Awards\",\"isPartOf\":{\"@id\":\"https:\\\/\\\/premio.noviasalcedo.es\\\/eu\\\/#website\"},\"primaryImageOfPage\":{\"@id\":\"https:\\\/\\\/premio.noviasalcedo.es\\\/jurado\\\/#primaryimage\"},\"image\":{\"@id\":\"https:\\\/\\\/premio.noviasalcedo.es\\\/jurado\\\/#primaryimage\"},\"thumbnailUrl\":\"https:\\\/\\\/premio.noviasalcedo.es\\\/wp-content\\\/uploads\\\/2016\\\/01\\\/antoniogarrigues-300x300.png\",\"datePublished\":\"2016-01-13T12:04:35+00:00\",\"dateModified\":\"2018-06-14T10:37:24+00:00\",\"breadcrumb\":{\"@id\":\"https:\\\/\\\/premio.noviasalcedo.es\\\/jurado\\\/#breadcrumb\"},\"inLanguage\":\"en-US\",\"potentialAction\":[{\"@type\":\"ReadAction\",\"target\":[\"https:\\\/\\\/premio.noviasalcedo.es\\\/jurado\\\/\"]}]},{\"@type\":\"ImageObject\",\"inLanguage\":\"en-US\",\"@id\":\"https:\\\/\\\/premio.noviasalcedo.es\\\/jurado\\\/#primaryimage\",\"url\":\"https:\\\/\\\/premio.noviasalcedo.es\\\/wp-content\\\/uploads\\\/2016\\\/01\\\/antoniogarrigues-300x300.png\",\"contentUrl\":\"https:\\\/\\\/premio.noviasalcedo.es\\\/wp-content\\\/uploads\\\/2016\\\/01\\\/antoniogarrigues-300x300.png\"},{\"@type\":\"BreadcrumbList\",\"@id\":\"https:\\\/\\\/premio.noviasalcedo.es\\\/jurado\\\/#breadcrumb\",\"itemListElement\":[{\"@type\":\"ListItem\",\"position\":1,\"name\":\"Portada\",\"item\":\"https:\\\/\\\/premio.noviasalcedo.es\\\/eu\\\/\"},{\"@type\":\"ListItem\",\"position\":2,\"name\":\"Jurado\"}]},{\"@type\":\"WebSite\",\"@id\":\"https:\\\/\\\/premio.noviasalcedo.es\\\/eu\\\/#website\",\"url\":\"https:\\\/\\\/premio.noviasalcedo.es\\\/eu\\\/\",\"name\":\"Novia Salcedo Awards\",\"description\":\"Novia Salcedo Awards\",\"publisher\":{\"@id\":\"https:\\\/\\\/premio.noviasalcedo.es\\\/eu\\\/#organization\"},\"potentialAction\":[{\"@type\":\"SearchAction\",\"target\":{\"@type\":\"EntryPoint\",\"urlTemplate\":\"https:\\\/\\\/premio.noviasalcedo.es\\\/eu\\\/?s={search_term_string}\"},\"query-input\":{\"@type\":\"PropertyValueSpecification\",\"valueRequired\":true,\"valueName\":\"search_term_string\"}}],\"inLanguage\":\"en-US\"},{\"@type\":\"Organization\",\"@id\":\"https:\\\/\\\/premio.noviasalcedo.es\\\/eu\\\/#organization\",\"name\":\"Novia Salcedo Awards\",\"url\":\"https:\\\/\\\/premio.noviasalcedo.es\\\/eu\\\/\",\"logo\":{\"@type\":\"ImageObject\",\"inLanguage\":\"en-US\",\"@id\":\"https:\\\/\\\/premio.noviasalcedo.es\\\/eu\\\/#\\\/schema\\\/logo\\\/image\\\/\",\"url\":\"https:\\\/\\\/i0.wp.com\\\/www.premionoviasalcedo.es\\\/wp-content\\\/uploads\\\/2016\\\/01\\\/logoblanco-claim-small.png?fit=300%2C122\",\"contentUrl\":\"https:\\\/\\\/i0.wp.com\\\/www.premionoviasalcedo.es\\\/wp-content\\\/uploads\\\/2016\\\/01\\\/logoblanco-claim-small.png?fit=300%2C122\",\"width\":300,\"height\":122,\"caption\":\"Novia Salcedo Awards\"},\"image\":{\"@id\":\"https:\\\/\\\/premio.noviasalcedo.es\\\/eu\\\/#\\\/schema\\\/logo\\\/image\\\/\"}}]}<\/script>\n<!-- \/ Yoast SEO plugin. -->","yoast_head_json":{"title":"Jury - Novia Salcedo Awards","robots":{"index":"index","follow":"follow","max-snippet":"max-snippet:-1","max-image-preview":"max-image-preview:large","max-video-preview":"max-video-preview:-1"},"canonical":"https:\/\/premio.noviasalcedo.es\/jurado\/","og_locale":"en_US","og_type":"article","og_title":"Jury - Novia Salcedo Awards","og_description":"Members of the Jury Edition VIII Antonio Garrigues Presidente del jurado Luis Lezama Fundador de Grupo Lezama Carmen Garc\u00eda de Andr\u00e9s Presidenta Ejecutiva Fundaci\u00f3n Tomillo Alejandro Echevarria Presidente de Mediaset\/\u00a0Patrono NSF Victoria Camps Catedr\u00e1tica Em\u00e9rita Universidad Aut\u00f3noma de Barcelona Isabel Garro Directora de Red Pacto Mundial Espa\u00f1a Marta Pedrajas Asesora &hellip;","og_url":"https:\/\/premio.noviasalcedo.es\/jurado\/","og_site_name":"Novia Salcedo Awards","article_modified_time":"2018-06-14T10:37:24+00:00","og_image":[{"url":"https:\/\/premio.noviasalcedo.es\/wp-content\/uploads\/2016\/01\/antoniogarrigues-300x300.png","type":"","width":"","height":""}],"twitter_card":"summary_large_image","twitter_misc":{"Est. reading time":"1 minute"},"schema":{"@context":"https:\/\/schema.org","@graph":[{"@type":"WebPage","@id":"https:\/\/premio.noviasalcedo.es\/jurado\/","url":"https:\/\/premio.noviasalcedo.es\/jurado\/","name":"Jury - Novia Salcedo Awards","isPartOf":{"@id":"https:\/\/premio.noviasalcedo.es\/eu\/#website"},"primaryImageOfPage":{"@id":"https:\/\/premio.noviasalcedo.es\/jurado\/#primaryimage"},"image":{"@id":"https:\/\/premio.noviasalcedo.es\/jurado\/#primaryimage"},"thumbnailUrl":"https:\/\/premio.noviasalcedo.es\/wp-content\/uploads\/2016\/01\/antoniogarrigues-300x300.png","datePublished":"2016-01-13T12:04:35+00:00","dateModified":"2018-06-14T10:37:24+00:00","breadcrumb":{"@id":"https:\/\/premio.noviasalcedo.es\/jurado\/#breadcrumb"},"inLanguage":"en-US","potentialAction":[{"@type":"ReadAction","target":["https:\/\/premio.noviasalcedo.es\/jurado\/"]}]},{"@type":"ImageObject","inLanguage":"en-US","@id":"https:\/\/premio.noviasalcedo.es\/jurado\/#primaryimage","url":"https:\/\/premio.noviasalcedo.es\/wp-content\/uploads\/2016\/01\/antoniogarrigues-300x300.png","contentUrl":"https:\/\/premio.noviasalcedo.es\/wp-content\/uploads\/2016\/01\/antoniogarrigues-300x300.png"},{"@type":"BreadcrumbList","@id":"https:\/\/premio.noviasalcedo.es\/jurado\/#breadcrumb","itemListElement":[{"@type":"ListItem","position":1,"name":"Portada","item":"https:\/\/premio.noviasalcedo.es\/eu\/"},{"@type":"ListItem","position":2,"name":"Jurado"}]},{"@type":"WebSite","@id":"https:\/\/premio.noviasalcedo.es\/eu\/#website","url":"https:\/\/premio.noviasalcedo.es\/eu\/","name":"Novia Salcedo Awards","description":"Novia Salcedo Awards","publisher":{"@id":"https:\/\/premio.noviasalcedo.es\/eu\/#organization"},"potentialAction":[{"@type":"SearchAction","target":{"@type":"EntryPoint","urlTemplate":"https:\/\/premio.noviasalcedo.es\/eu\/?s={search_term_string}"},"query-input":{"@type":"PropertyValueSpecification","valueRequired":true,"valueName":"search_term_string"}}],"inLanguage":"en-US"},{"@type":"Organization","@id":"https:\/\/premio.noviasalcedo.es\/eu\/#organization","name":"Novia Salcedo Awards","url":"https:\/\/premio.noviasalcedo.es\/eu\/","logo":{"@type":"ImageObject","inLanguage":"en-US","@id":"https:\/\/premio.noviasalcedo.es\/eu\/#\/schema\/logo\/image\/","url":"https:\/\/i0.wp.com\/www.premionoviasalcedo.es\/wp-content\/uploads\/2016\/01\/logoblanco-claim-small.png?fit=300%2C122","contentUrl":"https:\/\/i0.wp.com\/www.premionoviasalcedo.es\/wp-content\/uploads\/2016\/01\/logoblanco-claim-small.png?fit=300%2C122","width":300,"height":122,"caption":"Novia Salcedo Awards"},"image":{"@id":"https:\/\/premio.noviasalcedo.es\/eu\/#\/schema\/logo\/image\/"}}]}},"jetpack_sharing_enabled":true,"jetpack_shortlink":"https:\/\/wp.me\/P786iL-7","jetpack-related-posts":[{"id":265,"url":"https:\/\/premio.noviasalcedo.es\/en\/registration-awards-ceremony\/","url_meta":{"origin":7,"position":0},"title":"Registration Awards ceremony","author":"NoviaSalcedo","date":"Friday May 20th, 2016","format":false,"excerpt":"Cargando... \u00a0","rel":"","context":"Similar post","block_context":{"text":"Similar post","link":""},"img":{"alt_text":"","src":"https:\/\/i0.wp.com\/premio.noviasalcedo.es\/wp-content\/uploads\/2016\/05\/DOM8444.jpg?fit=1200%2C799&ssl=1&resize=350%2C200","width":350,"height":200,"srcset":"https:\/\/i0.wp.com\/premio.noviasalcedo.es\/wp-content\/uploads\/2016\/05\/DOM8444.jpg?fit=1200%2C799&ssl=1&resize=350%2C200 1x, https:\/\/i0.wp.com\/premio.noviasalcedo.es\/wp-content\/uploads\/2016\/05\/DOM8444.jpg?fit=1200%2C799&ssl=1&resize=525%2C300 1.5x, https:\/\/i0.wp.com\/premio.noviasalcedo.es\/wp-content\/uploads\/2016\/05\/DOM8444.jpg?fit=1200%2C799&ssl=1&resize=700%2C400 2x, https:\/\/i0.wp.com\/premio.noviasalcedo.es\/wp-content\/uploads\/2016\/05\/DOM8444.jpg?fit=1200%2C799&ssl=1&resize=1050%2C600 3x"},"classes":[]},{"id":2,"url":"https:\/\/premio.noviasalcedo.es\/en\/","url_meta":{"origin":7,"position":1},"title":"Novia Salcedo Prize","author":"NoviaSalcedo","date":"Wednesday January 13th, 2016","format":false,"excerpt":"Planteamiento NoviaSalcedo Foundation\u2019s objective is to accompany young people as they find their feet in the world of work and wider society once they have finished their secondary and higher education. We seek to provide them with the skills and values necessary to succeed in a world in constant change.\u2026","rel":"","context":"Similar post","block_context":{"text":"Similar post","link":""},"img":{"alt_text":"","src":"https:\/\/i0.wp.com\/premio.noviasalcedo.es\/wp-content\/uploads\/2016\/01\/logopremio-renew-english-300x123.png?resize=350%2C200&ssl=1","width":350,"height":200},"classes":[]},{"id":576,"url":"https:\/\/premio.noviasalcedo.es\/en\/planteamiento\/","url_meta":{"origin":7,"position":2},"title":"Approach","author":"NoviaSalcedo","date":"Wednesday March  7th, 2018","format":false,"excerpt":"The Jury of the 7th Edition of the \u201cNovia Salcedo Awards for Excellence in the Professional Integration of Young People\u201d, which met in Bilbao on 21 April 2016 chaired by Mr Antonio Garrigues, suggested an in-depth review of the event after seven successful editions. This review was to include the\u2026","rel":"","context":"Similar post","block_context":{"text":"Similar post","link":""},"img":{"alt_text":"","src":"","width":0,"height":0},"classes":[]},{"id":9,"url":"https:\/\/premio.noviasalcedo.es\/en\/convocatoria\/","url_meta":{"origin":7,"position":3},"title":"Candidates","author":"NoviaSalcedo","date":"Wednesday January 13th, 2016","format":false,"excerpt":"The Novia Salcedo Awards are given to individuals, businesses and institutions that contribute with their work, commitment, and merits to improve the employability prospects of young people within the framework of the Goals of the 2030 Agenda for Sustainable Development and, more specifically, the following: \u00a0 SDG 4. Ensure inclusive\u2026","rel":"","context":"Similar post","block_context":{"text":"Similar post","link":""},"img":{"alt_text":"","src":"https:\/\/i0.wp.com\/premio.noviasalcedo.es\/wp-content\/uploads\/2018\/03\/S_SDG_logo_No-UN-Emblem_horizontal_rgb-300x43.png?resize=350%2C200&ssl=1","width":350,"height":200},"classes":[]},{"id":494,"url":"https:\/\/premio.noviasalcedo.es\/en\/convocatoria\/a-la-persona\/","url_meta":{"origin":7,"position":4},"title":"to Individuals","author":"NoviaSalcedo","date":"Wednesday March  7th, 2018","format":false,"excerpt":"This prize acknowledges the careers of people who have dedicated their lives to young people and, particularly, to their general, personal, and professional growth by promoting projects, raising awareness in society, implementing actions, etc. Activities that have not only become key assets for the young people involved but also for\u2026","rel":"","context":"Similar post","block_context":{"text":"Similar post","link":""},"img":{"alt_text":"","src":"","width":0,"height":0},"classes":[]},{"id":497,"url":"https:\/\/premio.noviasalcedo.es\/en\/convocatoria\/al-joven\/","url_meta":{"origin":7,"position":5},"title":"to Youth","author":"NoviaSalcedo","date":"Wednesday March  7th, 2018","format":false,"excerpt":"This prize is for young people, under the age of 35, who have implemented an innovative idea, a project and\/or business that contributes to improving the employability prospects of young people within the framework of the Sustainable Development Goals mentioned above. \u00a0 ASSESSMENT CRITERIA\u00a0 The Jury will base the pre-selection\u2026","rel":"","context":"Similar post","block_context":{"text":"Similar post","link":""},"img":{"alt_text":"","src":"","width":0,"height":0},"classes":[]}],"_links":{"self":[{"href":"https:\/\/premio.noviasalcedo.es\/en\/wp-json\/wp\/v2\/pages\/7","targetHints":{"allow":["GET"]}}],"collection":[{"href":"https:\/\/premio.noviasalcedo.es\/en\/wp-json\/wp\/v2\/pages"}],"about":[{"href":"https:\/\/premio.noviasalcedo.es\/en\/wp-json\/wp\/v2\/types\/page"}],"author":[{"embeddable":true,"href":"https:\/\/premio.noviasalcedo.es\/en\/wp-json\/wp\/v2\/users\/1"}],"replies":[{"embeddable":true,"href":"https:\/\/premio.noviasalcedo.es\/en\/wp-json\/wp\/v2\/comments?post=7"}],"version-history":[{"count":75,"href":"https:\/\/premio.noviasalcedo.es\/en\/wp-json\/wp\/v2\/pages\/7\/revisions"}],"predecessor-version":[{"id":868,"href":"https:\/\/premio.noviasalcedo.es\/en\/wp-json\/wp\/v2\/pages\/7\/revisions\/868"}],"wp:attachment":[{"href":"https:\/\/premio.noviasalcedo.es\/en\/wp-json\/wp\/v2\/media?parent=7"}],"curies":[{"name":"wp","href":"https:\/\/api.w.org\/{rel}","templated":true}]}}